{"id":1247,"date":"2019-12-14T14:42:33","date_gmt":"2019-12-14T13:42:33","guid":{"rendered":"https:\/\/www.thomisteiger.ch\/?page_id=1247"},"modified":"2026-05-17T16:16:59","modified_gmt":"2026-05-17T14:16:59","slug":"musik","status":"publish","type":"page","link":"https:\/\/www.thomisteiger.ch\/index.php\/musik\/","title":{"rendered":"Musik"},"content":{"rendered":"<p>[et_pb_section fb_built=&#8221;1&#8243; _builder_version=&#8221;4.0.6&#8243; background_color=&#8221;#e5e5e5&#8243;][et_pb_row _builder_version=&#8221;3.25&#8243; background_size=&#8221;initial&#8221; background_position=&#8221;top_left&#8221; background_repeat=&#8221;repeat&#8221;][et_pb_column type=&#8221;4_4&#8243; _builder_version=&#8221;3.25&#8243; custom_padding=&#8221;|||&#8221; custom_padding__hover=&#8221;|||&#8221;][et_pb_text admin_label=&#8221;Text&#8221; _builder_version=&#8221;4.0.6&#8243; background_size=&#8221;initial&#8221; background_position=&#8221;top_left&#8221; background_repeat=&#8221;repeat&#8221;]<\/p>\n<p>&nbsp;<\/p>\n<p>&nbsp;<\/p>\n<p><strong>Klassische Gitarre<\/strong> ( J\u00f6rg Haller ), <strong>Perkussion<\/strong> ( Tini H\u00e4gler ), <strong>Solf\u00e8ge<\/strong> am Konservatorium Bern<\/p>\n<p>&nbsp;<\/p>\n<p><strong>1983 &#8211; 2010\u00a0 angklung &#8211; duo<\/strong>, Musikspektakel mit Georg Wiesmann rund um von ihm kreierten Bambus-Instrumenten. Turneen in der Schweiz und Europa<\/p>\n<p>&nbsp;<\/p>\n<p><a href=\"https:\/\/youtu.be\/pz6SGrV64EU\" target=\"_blank\" rel=\"noopener noreferrer\">EntreVues Br\u00fcssel<\/a>\u00a0\u00a0 &#8211;\u00a0\u00a0\u00a0<a href=\"http:\/\/www.gwtubes.ch\/\" target=\"_blank\" rel=\"noopener noreferrer\">gwtubes<\/a><\/p>\n<p>&nbsp;<\/p>\n<p><strong>Musik f\u00fcr Theater<\/strong>: Th\u00e9\u00e2tre pour le Moment, Gardi Hutter, Th\u00e9\u00e2tre \u00e0 tous les Etages,\u00a0Th\u00e9\u00e2tre de la Grenouille,\u00a0Cie Projet Icare, Cie DeFacto<\/p>\n<p>&nbsp;<\/p>\n<p><span class=\"style\"><strong>2023: <\/strong><\/span><strong>La Goutte<\/strong>, Text : Ascanio Celestini<b>, <\/b>Regie : Blaise Froidevaux<\/p>\n<p>&nbsp;<\/p>\n<p><strong>2025: Le Voyage d&#8217;Adam,<\/strong>\u00a0Compagnie du Chalet, Alain Jacot. \u00a0<strong>Ajustements<\/strong>, Th. de la Connaissance, Nicolas Yazgy<\/p>\n<p>&nbsp;<\/p>\n<p><strong>Trickfilmvertonungen<\/strong> f\u00fcr Blue Mountain, Claude Halter, Bern \u00a0 \u00a0<a href=\"https:\/\/vimeo.com\/183545993\" target=\"_blank\" rel=\"noopener noreferrer\">Edi und das Kartonschaf<\/a><\/p>\n<p>&nbsp;<\/p>\n<p><strong>Filmmusiken<\/strong> f\u00fcr diverse Dokumentar-, Kurz- und Spielfilme<\/p>\n<p>&nbsp;<\/p>\n<p><strong>Live &#8211; Musik<\/strong> in diversen Theaterproduktionen: Th\u00e9\u00e2tre \u00e0 tous les Etages, Th\u00e9\u00e2tre pour le Moment, Po\u00e9sie en Arrosoir, Collectif CTB.<\/p>\n<p>&nbsp;<\/p>\n<p>Seit<strong> 2020<\/strong> : <strong>D&#8217;s Heidi und sini Giele<\/strong> mit Heidi Kipfer und Bill Holden.\u00a0<a href=\"https:\/\/www.thomisteiger.ch\/index.php\/fr\/ds-heidi-und-sini-giele\/\"><strong>Infos<\/strong><\/a>, \u00a0\u00a0<strong>Vautours de Chant<\/strong> mit Blaise Froidevaux \u00a0<strong><a href=\"https:\/\/vimeo.com\/375434076?fl=pl&amp;fe=sh\">Extrait<\/a><\/strong>, <strong>T&amp;B<\/strong> mit Bill Holden \u00a0<a href=\"https:\/\/www.thomisteiger.ch\/index.php\/jazz-23\/?et_fb=1&amp;PageSpeed=off\">Infos<\/a><\/p>\n<p><strong>Objectif Plume\u00a0<\/strong>mit Philippe Fromont<\/p>\n<p>&nbsp;<\/p>\n<p><strong>Musikbeispiele<\/strong> auf <a href=\"https:\/\/soundcloud.com\/th-steiger\" target=\"_blank\" rel=\"noopener noreferrer\">SoundCloud<\/a><\/p>\n<p>&nbsp;<\/p>\n<p>&nbsp;<\/p>\n<p>&nbsp;<\/p>\n<p>&nbsp;<\/p>\n<p>&nbsp;<\/p>\n<p>&nbsp;<\/p>\n<p>&nbsp;<\/p>\n<p>&nbsp;<\/p>\n<p>&nbsp;<\/p>\n<p>&nbsp;<\/p>\n<p>&nbsp;<\/p>\n<p>[\/et_pb_text][\/et_pb_column][\/et_pb_row][et_pb_row _builder_version=&#8221;4.0.6&#8243;][et_pb_column type=&#8221;4_4&#8243; _builder_version=&#8221;4.0.6&#8243;][\/et_pb_column][\/et_pb_row][\/et_pb_section]<\/p>\n","protected":false},"excerpt":{"rendered":"<p>[et_pb_section fb_built=&#8221;1&#8243; _builder_version=&#8221;4.0.6&#8243; background_color=&#8221;#e5e5e5&#8243;][et_pb_row _builder_version=&#8221;3.25&#8243; background_size=&#8221;initial&#8221; background_position=&#8221;top_left&#8221; background_repeat=&#8221;repeat&#8221;][et_pb_column type=&#8221;4_4&#8243; _builder_version=&#8221;3.25&#8243; custom_padding=&#8221;|||&#8221; custom_padding__hover=&#8221;|||&#8221;][et_pb_text admin_label=&#8221;Text&#8221; _builder_version=&#8221;4.0.6&#8243; background_size=&#8221;initial&#8221; background_position=&#8221;top_left&#8221; background_repeat=&#8221;repeat&#8221;] &nbsp; &nbsp; Klassische Gitarre ( J\u00f6rg Haller ), Perkussion ( Tini H\u00e4gler ), Solf\u00e8ge am Konservatorium Bern &nbsp; 1983 &#8211; 2010\u00a0 angklung &#8211; duo, Musikspektakel mit Georg Wiesmann rund um von ihm kreierten Bambus-Instrumenten. Turneen in der Schweiz [&hellip;]<\/p>\n","protected":false},"author":1,"featured_media":0,"parent":0,"menu_order":0,"comment_status":"closed","ping_status":"closed","template":"","meta":{"_et_pb_use_builder":"on","_et_pb_old_content":"<p>Klassische Gitarre ( J\u00f6rg Haller ), Perkussion ( Tini H\u00e4gler ), Solf\u00e8ge am Konservatorium Bern<\/p><p>1983 - 2010\u00a0 angklung - duo, Musikspektakel mit Georg Wiesmann rund um von ihm kreierten Bambus-Instrumenten. Turneen in der Schweiz und Europa.<\/p><p><a href=\"https:\/\/youtu.be\/pz6SGrV64EU\" target=\"_blank\" rel=\"noopener noreferrer\">EntreVues Br\u00fcssel<\/a>\u00a0\u00a0 -\u00a0\u00a0\u00a0<a href=\"http:\/\/www.gwtubes.ch\/\" target=\"_blank\" rel=\"noopener noreferrer\">gwtubes<\/a><\/p><p>Musik f\u00fcr Theater: Th\u00e9\u00e2tre pour le Moment, Gardi Hutter, Th\u00e9\u00e2tre \u00e0 tous les Etages,\u00a0Th\u00e9\u00e2tre de la Grenouille,\u00a0Cie Projet Icare, Cie DeFacto etc...<\/p><p>Trickfilmvertonungen f\u00fcr Blue Mountain, Claude Halter, Bern \u00a0 \u00a0<a href=\"https:\/\/vimeo.com\/183545993\" target=\"_blank\" rel=\"noopener noreferrer\">Edi und das Kartonschaf<\/a><\/p><p>Filmmusiken f\u00fcr diverse Dokumentar-, Kurz- und Spielfilme<\/p><p>Live - Musik in diversen Theaterproduktionen: Th\u00e9\u00e2tre \u00e0 tous les Etages, Th\u00e9\u00e2tre pour le Moment, Po\u00e9sie en Arrosoir.<\/p><p>Tourneen 2020 : D's Heidi und sini Giele mit Heidi Kipfer und Bill Holden, Vautours de Chant mit Blaise Froidevaux, T&B mit Bill Holden<\/p><p>Musikbeispiele auf <a href=\"https:\/\/soundcloud.com\/th-steiger\" target=\"_blank\" rel=\"noopener noreferrer\">SoundCloud<\/a><\/p><p>\u00a0<\/p><p>\u00a0<\/p><p>\u00a0<\/p><p>\u00a0<\/p><p>\u00a0<\/p>","_uag_custom_page_level_css":"","footnotes":""},"class_list":["post-1247","page","type-page","status-publish","hentry"],"uagb_featured_image_src":{"full":false,"thumbnail":false,"medium":false,"medium_large":false,"large":false,"1536x1536":false,"2048x2048":false,"et-pb-post-main-image":false,"et-pb-post-main-image-fullwidth":false,"et-pb-portfolio-image":false,"et-pb-portfolio-module-image":false,"et-pb-portfolio-image-single":false,"et-pb-gallery-module-image-portrait":false,"et-pb-post-main-image-fullwidth-large":false,"et-pb-image--responsive--desktop":false,"et-pb-image--responsive--tablet":false,"et-pb-image--responsive--phone":false},"uagb_author_info":{"display_name":"thomisteiger_admin","author_link":"https:\/\/www.thomisteiger.ch\/index.php\/author\/thomisteiger_admin\/"},"uagb_comment_info":0,"uagb_excerpt":"[et_pb_section fb_built=&#8221;1&#8243; _builder_version=&#8221;4.0.6&#8243; background_color=&#8221;#e5e5e5&#8243;][et_pb_row _builder_version=&#8221;3.25&#8243; background_size=&#8221;initial&#8221; background_position=&#8221;top_left&#8221; background_repeat=&#8221;repeat&#8221;][et_pb_column type=&#8221;4_4&#8243; _builder_version=&#8221;3.25&#8243; custom_padding=&#8221;|||&#8221; custom_padding__hover=&#8221;|||&#8221;][et_pb_text admin_label=&#8221;Text&#8221; _builder_version=&#8221;4.0.6&#8243; background_size=&#8221;initial&#8221; background_position=&#8221;top_left&#8221; background_repeat=&#8221;repeat&#8221;] &nbsp; &nbsp; Klassische Gitarre ( J\u00f6rg Haller ), Perkussion ( Tini H\u00e4gler ), Solf\u00e8ge am Konservatorium Bern &nbsp; 1983 &#8211; 2010\u00a0 angklung &#8211; duo, Musikspektakel mit Georg Wiesmann rund um von ihm kreierten Bambus-Instrumenten. Turneen in der Schweiz&hellip;","_links":{"self":[{"href":"https:\/\/www.thomisteiger.ch\/index.php\/wp-json\/wp\/v2\/pages\/1247","targetHints":{"allow":["GET"]}}],"collection":[{"href":"https:\/\/www.thomisteiger.ch\/index.php\/wp-json\/wp\/v2\/pages"}],"about":[{"href":"https:\/\/www.thomisteiger.ch\/index.php\/wp-json\/wp\/v2\/types\/page"}],"author":[{"embeddable":true,"href":"https:\/\/www.thomisteiger.ch\/index.php\/wp-json\/wp\/v2\/users\/1"}],"replies":[{"embeddable":true,"href":"https:\/\/www.thomisteiger.ch\/index.php\/wp-json\/wp\/v2\/comments?post=1247"}],"version-history":[{"count":30,"href":"https:\/\/www.thomisteiger.ch\/index.php\/wp-json\/wp\/v2\/pages\/1247\/revisions"}],"predecessor-version":[{"id":3933,"href":"https:\/\/www.thomisteiger.ch\/index.php\/wp-json\/wp\/v2\/pages\/1247\/revisions\/3933"}],"wp:attachment":[{"href":"https:\/\/www.thomisteiger.ch\/index.php\/wp-json\/wp\/v2\/media?parent=1247"}],"curies":[{"name":"wp","href":"https:\/\/api.w.org\/{rel}","templated":true}]}}